{"id":133,"date":"2022-04-18T21:48:38","date_gmt":"2022-04-18T21:48:38","guid":{"rendered":"https:\/\/malopolskiecentrumsztuki.pl\/?post_type=jetpack-portfolio&#038;p=133"},"modified":"2022-05-26T00:43:16","modified_gmt":"2022-05-26T00:43:16","slug":"movements-in-colours","status":"publish","type":"jetpack-portfolio","link":"https:\/\/malopolskiecentrumsztuki.pl\/index.php\/portfolio\/movements-in-colours\/","title":{"rendered":"movements in colours"},"content":{"rendered":"\n<p>Wystawa <strong><span class=\"has-inline-color has-dark-orange-color\">MOVEMENT IN COLOURS<\/span><\/strong>, prezentuje 20 obraz\u00f3w olejnych dr hab. Marka Batorskiego na p\u0142\u00f3tnie. Na wernisa\u017cu dope\u0142nieniem wystawy by\u0142 projekt audiowizualny wykonywany na instrumenty elektroniczne (Waldemar Go\u0142\u0119bski) i saksofon (Marek Batorski). Projekt sk\u0142ada si\u0119 z 4 cz\u0119\u015bci i zak\u0142ada strukturalne zintegrowanie obrazu i d\u017awi\u0119ku przez stworzenie intermodalnego kontrapunktu poprzez proces wsp\u00f3\u0142zale\u017cnego rozwoju i formowania wielopoziomowych po\u0142\u0105cze\u0144. Bariera pomi\u0119dzy jednym a drugim medium b\u0119dzie widoczna poprzez wprowadzenie d\u017awi\u0119ku i obrazu w ruch: ekspresyjny, o jasnym okre\u015blonym kierunku.Ruch, zmiana, faktura, rytm, barwa, interwa\u0142&nbsp; okre\u015bl\u0105 wsp\u00f3lny mianownik dla tych dw\u00f3ch element\u00f3w dziedzin sztuki, m\u00f3wi\u0105 o&nbsp; silnym powi\u0105zaniu intermedialnym na pewnym poziomie formalnym.<\/p>\n\n\n\n<figure class=\"wp-block-embed is-type-video is-provider-youtube wp-block-embed-youtube wp-embed-aspect-16-9 wp-has-aspect-ratio\"><div class=\"wp-block-embed__wrapper\">\n<iframe loading=\"lazy\" title=\"MAREK BATORSKI - MOVEMENTS IN COLOURS - MOVEMENT ONE\" width=\"920\" height=\"518\" src=\"https:\/\/www.youtube.com\/embed\/OaCCfDpbs8g?feature=oembed\" frameborder=\"0\" allow=\"accelerometer; autoplay; clipboard-write; encrypted-media; gyroscope; picture-in-picture\" allowfullscreen><\/iframe>\n<\/div><\/figure>\n\n\n\n<figure class=\"wp-block-embed is-type-video is-provider-youtube wp-block-embed-youtube wp-embed-aspect-16-9 wp-has-aspect-ratio\"><div class=\"wp-block-embed__wrapper\">\n<iframe loading=\"lazy\" title=\"MAREK BATORSKI - MOVEMENTS IN COLOURS - MOVEMENT TWO\" width=\"920\" height=\"518\" src=\"https:\/\/www.youtube.com\/embed\/hhLTqrj53jw?feature=oembed\" frameborder=\"0\" allow=\"accelerometer; autoplay; clipboard-write; encrypted-media; gyroscope; picture-in-picture\" allowfullscreen><\/iframe>\n<\/div><\/figure>\n\n\n\n<figure class=\"wp-block-embed is-type-video is-provider-youtube wp-block-embed-youtube wp-embed-aspect-16-9 wp-has-aspect-ratio\"><div class=\"wp-block-embed__wrapper\">\n<iframe loading=\"lazy\" title=\"MAREK BATORSKI - MOVEMENTS IN COLOURS - MOVEMENT THREE\" width=\"920\" height=\"518\" src=\"https:\/\/www.youtube.com\/embed\/61Ol_7yFmHA?feature=oembed\" frameborder=\"0\" allow=\"accelerometer; autoplay; clipboard-write; encrypted-media; gyroscope; picture-in-picture\" allowfullscreen><\/iframe>\n<\/div><\/figure>\n\n\n\n<figure class=\"wp-block-embed is-type-video is-provider-youtube wp-block-embed-youtube wp-embed-aspect-16-9 wp-has-aspect-ratio\"><div class=\"wp-block-embed__wrapper\">\n<iframe loading=\"lazy\" title=\"MAREK BATORSKI - MOVEMENTS IN COLOURS - MOVEMENT FOUR\" width=\"920\" height=\"518\" src=\"https:\/\/www.youtube.com\/embed\/NrFyqW6axeU?feature=oembed\" frameborder=\"0\" allow=\"accelerometer; autoplay; clipboard-write; encrypted-media; gyroscope; picture-in-picture\" allowfullscreen><\/iframe>\n<\/div><\/figure>\n\n\n\n<p>Utwory muzyczne stanowi\u0105 4 odr\u0119bne, analizy strukturalne obraz\u00f3w \u201eAutumn Mood III\u201d, \u201eBlue in Green I\u201d, \u201eBlue in Green VIII\u201d i \u201eCrescendo in Blue\u201d. Muzyka powsta\u0142a w oparciu o rytm poci\u0105gni\u0119\u0107 p\u0119dzla, kompozycj\u0119 element\u00f3w geometrycznych obraz\u00f3w i subiektywn\u0105 synestezj\u0119 kompozytora Waldemara Go\u0142\u0119bskiego. Wizualizacje zsynchronizowane z muzyk\u0105 s\u0105 niejako in\u017cynieri\u0105 odwrotn\u0105 czyli muzyk\u0105 kodowan\u0105 powt\u00f3rnie, na tym razem ruchomy obraz. Ca\u0142o\u015b\u0107 przekazu to synergia potr\u00f3jnego przekazu tego samego artystycznego zamierzenia.<\/p>\n\n\n\n<p><strong>Produkcja muzyczna i wizualizacja: Ma\u0142opolskie Centrum Sztuki<\/strong><\/p>\n\n\n\n<h2 class=\"wp-block-heading\">Wystawy:<\/h2>\n\n\n\n<p><strong> 11.04.2022 &#8211; 25.04.2022,<\/strong> Galeria Pryzmat, Krak\u00f3w, ul. \u0141obzowska 3<\/p>\n\n\n\n<figure class=\"wp-block-image size-large is-resized\"><img loading=\"lazy\" decoding=\"async\" src=\"https:\/\/malopolskiecentrumsztuki.pl\/wp-content\/uploads\/2022\/04\/plakat_movements-723x1024.jpg\" alt=\"\" class=\"wp-image-135\" width=\"723\" height=\"1024\" srcset=\"https:\/\/malopolskiecentrumsztuki.pl\/wp-content\/uploads\/2022\/04\/plakat_movements-723x1024.jpg 723w, https:\/\/malopolskiecentrumsztuki.pl\/wp-content\/uploads\/2022\/04\/plakat_movements-212x300.jpg 212w, https:\/\/malopolskiecentrumsztuki.pl\/wp-content\/uploads\/2022\/04\/plakat_movements-768x1087.jpg 768w, https:\/\/malopolskiecentrumsztuki.pl\/wp-content\/uploads\/2022\/04\/plakat_movements-1085x1536.jpg 1085w, https:\/\/malopolskiecentrumsztuki.pl\/wp-content\/uploads\/2022\/04\/plakat_movements-1446x2048.jpg 1446w, https:\/\/malopolskiecentrumsztuki.pl\/wp-content\/uploads\/2022\/04\/plakat_movements-scaled.jpg 1808w\" sizes=\"auto, (max-width: 723px) 100vw, 723px\" \/><\/figure>\n\n\n\n<hr class=\"wp-block-separator\"\/>\n\n\n\n<p><strong>11.06.22 \u2013 30.07.22,\u00a0<\/strong>5 Press Gallery, New Orleans, LA (Artist Marcus Brown presents his augmented reality (AR) musical paintings with the jazz paintings of Polish artist dr. Marek Batorski and work by musician and composer\u00a0Waldemar Go\u0142\u0119bski.)<\/p>\n\n\n\n<figure class=\"wp-block-image size-large\"><img loading=\"lazy\" decoding=\"async\" width=\"1024\" height=\"576\" src=\"https:\/\/malopolskiecentrumsztuki.pl\/wp-content\/uploads\/2022\/05\/movements_new_orlean-1024x576.jpeg\" alt=\"\" class=\"wp-image-144\" srcset=\"https:\/\/malopolskiecentrumsztuki.pl\/wp-content\/uploads\/2022\/05\/movements_new_orlean-1024x576.jpeg 1024w, https:\/\/malopolskiecentrumsztuki.pl\/wp-content\/uploads\/2022\/05\/movements_new_orlean-300x169.jpeg 300w, https:\/\/malopolskiecentrumsztuki.pl\/wp-content\/uploads\/2022\/05\/movements_new_orlean-768x432.jpeg 768w, https:\/\/malopolskiecentrumsztuki.pl\/wp-content\/uploads\/2022\/05\/movements_new_orlean.jpeg 1300w\" sizes=\"auto, (max-width: 1024px) 100vw, 1024px\" \/><\/figure>\n","protected":false},"excerpt":{"rendered":"<p>Wystawa MOVEMENT IN COLOURS, prezentuje 20 obraz\u00f3w olejnych dr hab. Marka Batorskiego na p\u0142\u00f3tnie. Na wernisa\u017cu dope\u0142nieniem wystawy by\u0142 projekt<\/p>\n<p><span class=\"more-link\"><a href=\"https:\/\/malopolskiecentrumsztuki.pl\/index.php\/portfolio\/movements-in-colours\/\" class=\"readmore\">Continue reading<span class=\"screen-reader-text\">movements in colours<\/span><\/a><\/span><\/p>\n","protected":false},"author":12,"featured_media":136,"comment_status":"open","ping_status":"closed","template":"","jetpack-portfolio-type":[],"jetpack-portfolio-tag":[],"class_list":["post-133","jetpack-portfolio","type-jetpack-portfolio","status-publish","has-post-thumbnail","hentry"],"_links":{"self":[{"href":"https:\/\/malopolskiecentrumsztuki.pl\/index.php\/wp-json\/wp\/v2\/jetpack-portfolio\/133","targetHints":{"allow":["GET"]}}],"collection":[{"href":"https:\/\/malopolskiecentrumsztuki.pl\/index.php\/wp-json\/wp\/v2\/jetpack-portfolio"}],"about":[{"href":"https:\/\/malopolskiecentrumsztuki.pl\/index.php\/wp-json\/wp\/v2\/types\/jetpack-portfolio"}],"author":[{"embeddable":true,"href":"https:\/\/malopolskiecentrumsztuki.pl\/index.php\/wp-json\/wp\/v2\/users\/12"}],"replies":[{"embeddable":true,"href":"https:\/\/malopolskiecentrumsztuki.pl\/index.php\/wp-json\/wp\/v2\/comments?post=133"}],"wp:featuredmedia":[{"embeddable":true,"href":"https:\/\/malopolskiecentrumsztuki.pl\/index.php\/wp-json\/wp\/v2\/media\/136"}],"wp:attachment":[{"href":"https:\/\/malopolskiecentrumsztuki.pl\/index.php\/wp-json\/wp\/v2\/media?parent=133"}],"wp:term":[{"taxonomy":"jetpack-portfolio-type","embeddable":true,"href":"https:\/\/malopolskiecentrumsztuki.pl\/index.php\/wp-json\/wp\/v2\/jetpack-portfolio-type?post=133"},{"taxonomy":"jetpack-portfolio-tag","embeddable":true,"href":"https:\/\/malopolskiecentrumsztuki.pl\/index.php\/wp-json\/wp\/v2\/jetpack-portfolio-tag?post=133"}],"curies":[{"name":"wp","href":"https:\/\/api.w.org\/{rel}","templated":true}]}}