{"id":123,"date":"2022-04-18T21:28:23","date_gmt":"2022-04-18T21:28:23","guid":{"rendered":"https:\/\/malopolskiecentrumsztuki.pl\/?page_id=123"},"modified":"2022-04-18T21:34:19","modified_gmt":"2022-04-18T21:34:19","slug":"nasze-projekty","status":"publish","type":"page","link":"https:\/\/malopolskiecentrumsztuki.pl\/index.php\/nasze-projekty\/","title":{"rendered":"nasze projekty"},"content":{"rendered":"\n<div class=\"ect-portfolio ect-section\"><div class=\"ect-wrapper\"><div class=\"section-content-wrapper portfolio-content-wrapper layout-three\">            <article class=\"ect hentry portfolio-entry\">\n\t<header class=\"portfolio-entry-header entry-header\">\n\n\n\t\t\t\t\t<div class=\"post-thumbnail\">\n\t\t\t\t<a class=\"portfolio-featured-image\" href=\"https:\/\/malopolskiecentrumsztuki.pl\/index.php\/portfolio\/moje-serce-to-jest-muzyk-2025\/\"><img loading=\"lazy\" decoding=\"async\" width=\"640\" height=\"640\" src=\"https:\/\/malopolskiecentrumsztuki.pl\/wp-content\/uploads\/2026\/02\/konkurs_2025-640x640.png\" class=\"attachment-ect-jetpack-portfolio-featured size-ect-jetpack-portfolio-featured wp-post-image\" alt=\"\" \/><\/a>\n\t\t\t<\/div><!-- .post-thumbnail -->\n\t\t\n\n\t\t<h2 class=\"portfolio-entry-title entry-title\"><a href=\"https:\/\/malopolskiecentrumsztuki.pl\/index.php\/portfolio\/moje-serce-to-jest-muzyk-2025\/\" title=\"moje serce to jest muzyk 2025\">moje serce to jest muzyk 2025<\/a><\/h2>\n\t\t\t\t\t<div class=\"portfolio-entry-meta entry-meta\">\n\t\t\t\t\t\t\t<\/div>\n\t\t\t<\/header>\n\n\t\t\t\t<div class=\"portfolio-entry-content entry-content\"><p>Zapraszamy na czwart\u0105 edycj\u0119 Wojew\u00f3dzkiego Konkursu na Interpretacj\u0119 Piosenki Polskiej! Organizatorzy:<\/p>\n<\/div>\n\t<\/article><!-- close .portfolio-entry --><article class=\"ect hentry portfolio-entry\">\n\t<header class=\"portfolio-entry-header entry-header\">\n\n\n\t\t\t\t\t<div class=\"post-thumbnail\">\n\t\t\t\t<a class=\"portfolio-featured-image\" href=\"https:\/\/malopolskiecentrumsztuki.pl\/index.php\/portfolio\/moje-serce-to-jest-muzyk-2024\/\"><img loading=\"lazy\" decoding=\"async\" width=\"640\" height=\"640\" src=\"https:\/\/malopolskiecentrumsztuki.pl\/wp-content\/uploads\/2024\/03\/KONKURS-PIOSENKI-serce-2024_a-kopia-640x640.jpg\" class=\"attachment-ect-jetpack-portfolio-featured size-ect-jetpack-portfolio-featured wp-post-image\" alt=\"\" \/><\/a>\n\t\t\t<\/div><!-- .post-thumbnail -->\n\t\t\n\n\t\t<h2 class=\"portfolio-entry-title entry-title\"><a href=\"https:\/\/malopolskiecentrumsztuki.pl\/index.php\/portfolio\/moje-serce-to-jest-muzyk-2024\/\" title=\"moje serce to jest muzyk 2024\">moje serce to jest muzyk 2024<\/a><\/h2>\n\t\t\t\t\t<div class=\"portfolio-entry-meta entry-meta\">\n\t\t\t\t\t\t\t<\/div>\n\t\t\t<\/header>\n\n\t\t\t\t<div class=\"portfolio-entry-content entry-content\"><p>Trzecia edycja Wojew\u00f3dzkiego Konkursu na Interpretacj\u0119 Piosenki Polskiej! &hellip; <\/p>\n<p><span class=\"more-link\"><a href=\"https:\/\/malopolskiecentrumsztuki.pl\/index.php\/portfolio\/moje-serce-to-jest-muzyk-2024\/\" class=\"readmore\">Continue reading<span class=\"screen-reader-text\">moje serce to jest muzyk 2024<\/span><\/a><\/span><\/p>\n<\/div>\n\t<\/article><!-- close .portfolio-entry --><article class=\"ect hentry portfolio-entry\">\n\t<header class=\"portfolio-entry-header entry-header\">\n\n\n\t\t\t\t\t<div class=\"post-thumbnail\">\n\t\t\t\t<a class=\"portfolio-featured-image\" href=\"https:\/\/malopolskiecentrumsztuki.pl\/index.php\/portfolio\/moje-serce-to-jest-muzyk-2023\/\"><img loading=\"lazy\" decoding=\"async\" width=\"640\" height=\"640\" src=\"https:\/\/malopolskiecentrumsztuki.pl\/wp-content\/uploads\/2023\/03\/serce2023_plakat-640x640.png\" class=\"attachment-ect-jetpack-portfolio-featured size-ect-jetpack-portfolio-featured wp-post-image\" alt=\"\" \/><\/a>\n\t\t\t<\/div><!-- .post-thumbnail -->\n\t\t\n\n\t\t<h2 class=\"portfolio-entry-title entry-title\"><a href=\"https:\/\/malopolskiecentrumsztuki.pl\/index.php\/portfolio\/moje-serce-to-jest-muzyk-2023\/\" title=\"moje serce to jest muzyk 2023\">moje serce to jest muzyk 2023<\/a><\/h2>\n\t\t\t\t\t<div class=\"portfolio-entry-meta entry-meta\">\n\t\t\t\t\t\t\t<\/div>\n\t\t\t<\/header>\n\n\t\t\t\t<div class=\"portfolio-entry-content entry-content\"><p>Druga edycja Wojew\u00f3dzkiego Konkursu na Interpretacj\u0119 Piosenki Polskiej! &hellip; <\/p>\n<p><span class=\"more-link\"><a href=\"https:\/\/malopolskiecentrumsztuki.pl\/index.php\/portfolio\/moje-serce-to-jest-muzyk-2023\/\" class=\"readmore\">Continue reading<span class=\"screen-reader-text\">moje serce to jest muzyk 2023<\/span><\/a><\/span><\/p>\n<\/div>\n\t<\/article><!-- close .portfolio-entry --><article class=\"ect hentry portfolio-entry\">\n\t<header class=\"portfolio-entry-header entry-header\">\n\n\n\t\t\t\t\t<div class=\"post-thumbnail\">\n\t\t\t\t<a class=\"portfolio-featured-image\" href=\"https:\/\/malopolskiecentrumsztuki.pl\/index.php\/portfolio\/gramy-i-spiewamy-popularne-przeboje-vol-2\/\"><img loading=\"lazy\" decoding=\"async\" width=\"640\" height=\"426\" src=\"https:\/\/malopolskiecentrumsztuki.pl\/wp-content\/uploads\/2023\/02\/Edyta_Bartosiewicz_002.jpg\" class=\"attachment-ect-jetpack-portfolio-featured size-ect-jetpack-portfolio-featured wp-post-image\" alt=\"\" \/><\/a>\n\t\t\t<\/div><!-- .post-thumbnail -->\n\t\t\n\n\t\t<h2 class=\"portfolio-entry-title entry-title\"><a href=\"https:\/\/malopolskiecentrumsztuki.pl\/index.php\/portfolio\/gramy-i-spiewamy-popularne-przeboje-vol-2\/\" title=\"gramy i \u015bpiewamy popularne przeboje vol. 2\">gramy i \u015bpiewamy popularne przeboje vol. 2<\/a><\/h2>\n\t\t\t\t\t<div class=\"portfolio-entry-meta entry-meta\">\n\t\t\t\t\t\t\t<\/div>\n\t\t\t<\/header>\n\n\t\t\t\t<div class=\"portfolio-entry-content entry-content\"><p>20 profesjonalnych podk\u0142ad\u00f3w muzycznych z audiodeskrypcj\u0105.<\/p>\n<\/div>\n\t<\/article><!-- close .portfolio-entry --><article class=\"ect hentry portfolio-entry\">\n\t<header class=\"portfolio-entry-header entry-header\">\n\n\n\t\t\t\t\t<div class=\"post-thumbnail\">\n\t\t\t\t<a class=\"portfolio-featured-image\" href=\"https:\/\/malopolskiecentrumsztuki.pl\/index.php\/portfolio\/krakowscy-kompozytorzy\/\"><img loading=\"lazy\" decoding=\"async\" width=\"519\" height=\"599\" src=\"https:\/\/malopolskiecentrumsztuki.pl\/wp-content\/uploads\/2023\/01\/Zbigniew_Wodecki.jpg\" class=\"attachment-ect-jetpack-portfolio-featured size-ect-jetpack-portfolio-featured wp-post-image\" alt=\"Zdj\u0119cie Zbigniewa Wodeckiego\" \/><\/a>\n\t\t\t<\/div><!-- .post-thumbnail -->\n\t\t\n\n\t\t<h2 class=\"portfolio-entry-title entry-title\"><a href=\"https:\/\/malopolskiecentrumsztuki.pl\/index.php\/portfolio\/krakowscy-kompozytorzy\/\" title=\"krakowscy kompozytorzy\">krakowscy kompozytorzy<\/a><\/h2>\n\t\t\t\t\t<div class=\"portfolio-entry-meta entry-meta\">\n\t\t\t\t\t\t\t<\/div>\n\t\t\t<\/header>\n\n\t\t\t\t<div class=\"portfolio-entry-content entry-content\"><p>Projekt realizowany przy wsparciu finansowym Wojew\u00f3dztwa Ma\u0142opolskiego. 10 profesjonalnych podk\u0142ad\u00f3w muzycznych z audiodeskrypcj\u0105. Strona projektu: www.gramyspiewamy.pl<\/p>\n<\/div>\n\t<\/article><!-- close .portfolio-entry --><article class=\"ect hentry portfolio-entry\">\n\t<header class=\"portfolio-entry-header entry-header\">\n\n\n\t\t\t\t\t<div class=\"post-thumbnail\">\n\t\t\t\t<a class=\"portfolio-featured-image\" href=\"https:\/\/malopolskiecentrumsztuki.pl\/index.php\/portfolio\/movements-in-colours\/\"><img loading=\"lazy\" decoding=\"async\" width=\"640\" height=\"640\" src=\"https:\/\/malopolskiecentrumsztuki.pl\/wp-content\/uploads\/2022\/04\/movements-640x640.jpg\" class=\"attachment-ect-jetpack-portfolio-featured size-ect-jetpack-portfolio-featured wp-post-image\" alt=\"\" \/><\/a>\n\t\t\t<\/div><!-- .post-thumbnail -->\n\t\t\n\n\t\t<h2 class=\"portfolio-entry-title entry-title\"><a href=\"https:\/\/malopolskiecentrumsztuki.pl\/index.php\/portfolio\/movements-in-colours\/\" title=\"movements in colours\">movements in colours<\/a><\/h2>\n\t\t\t\t\t<div class=\"portfolio-entry-meta entry-meta\">\n\t\t\t\t\t\t\t<\/div>\n\t\t\t<\/header>\n\n\t\t\t\t<div class=\"portfolio-entry-content entry-content\"><p>Wystawa MOVEMENT IN COLOURS, prezentuje 20 obraz\u00f3w olejnych dr hab. Marka Batorskiego na p\u0142\u00f3tnie. Na wernisa\u017cu dope\u0142nieniem wystawy by\u0142 projekt<\/p>\n<p><span class=\"more-link\"><a href=\"https:\/\/malopolskiecentrumsztuki.pl\/index.php\/portfolio\/movements-in-colours\/\" class=\"readmore\">Continue reading<span class=\"screen-reader-text\">movements in colours<\/span><\/a><\/span><\/p>\n<\/div>\n\t<\/article><!-- close .portfolio-entry --><article class=\"ect hentry portfolio-entry\">\n\t<header class=\"portfolio-entry-header entry-header\">\n\n\n\t\t\t\t\t<div class=\"post-thumbnail\">\n\t\t\t\t<a class=\"portfolio-featured-image\" href=\"https:\/\/malopolskiecentrumsztuki.pl\/index.php\/portfolio\/wojewodzki-konkurs-na-interpretacje-piosenki-polskiej\/\"><img loading=\"lazy\" decoding=\"async\" width=\"640\" height=\"360\" src=\"https:\/\/malopolskiecentrumsztuki.pl\/wp-content\/uploads\/2021\/12\/header_ableton.png\" class=\"attachment-ect-jetpack-portfolio-featured size-ect-jetpack-portfolio-featured wp-post-image\" alt=\"\" \/><\/a>\n\t\t\t<\/div><!-- .post-thumbnail -->\n\t\t\n\n\t\t<h2 class=\"portfolio-entry-title entry-title\"><a href=\"https:\/\/malopolskiecentrumsztuki.pl\/index.php\/portfolio\/wojewodzki-konkurs-na-interpretacje-piosenki-polskiej\/\" title=\"moje serce to jest muzyk 2022\">moje serce to jest muzyk 2022<\/a><\/h2>\n\t\t\t\t\t<div class=\"portfolio-entry-meta entry-meta\">\n\t\t\t\t\t\t\t<\/div>\n\t\t\t<\/header>\n\n\t\t\t\t<div class=\"portfolio-entry-content entry-content\"><p>W kwietniu 2022 roku, wsp\u00f3lnie z M\u0142odzie\u017cowym Domem Kultury \u201cDom Harcerza\u201d im. prof. A. Kami\u0144skiego w Krakowie, zorganizowali\u015bmy wojew\u00f3dzki konkurs<\/p>\n<p><span class=\"more-link\"><a href=\"https:\/\/malopolskiecentrumsztuki.pl\/index.php\/portfolio\/wojewodzki-konkurs-na-interpretacje-piosenki-polskiej\/\" class=\"readmore\">Continue reading<span class=\"screen-reader-text\">moje serce to jest muzyk 2022<\/span><\/a><\/span><\/p>\n<\/div>\n\t<\/article><!-- close .portfolio-entry --><\/div><!-- .portfolio-content-wrapper --><\/div><!-- .ect-wrapper --><\/div><!-- .ect-section -->\n","protected":false},"excerpt":{"rendered":"","protected":false},"author":12,"featured_media":0,"parent":0,"menu_order":0,"comment_status":"closed","ping_status":"closed","template":"","meta":{"footnotes":""},"class_list":["post-123","page","type-page","status-publish","hentry"],"_links":{"self":[{"href":"https:\/\/malopolskiecentrumsztuki.pl\/index.php\/wp-json\/wp\/v2\/pages\/123","targetHints":{"allow":["GET"]}}],"collection":[{"href":"https:\/\/malopolskiecentrumsztuki.pl\/index.php\/wp-json\/wp\/v2\/pages"}],"about":[{"href":"https:\/\/malopolskiecentrumsztuki.pl\/index.php\/wp-json\/wp\/v2\/types\/page"}],"author":[{"embeddable":true,"href":"https:\/\/malopolskiecentrumsztuki.pl\/index.php\/wp-json\/wp\/v2\/users\/12"}],"replies":[{"embeddable":true,"href":"https:\/\/malopolskiecentrumsztuki.pl\/index.php\/wp-json\/wp\/v2\/comments?post=123"}],"version-history":[{"count":3,"href":"https:\/\/malopolskiecentrumsztuki.pl\/index.php\/wp-json\/wp\/v2\/pages\/123\/revisions"}],"predecessor-version":[{"id":130,"href":"https:\/\/malopolskiecentrumsztuki.pl\/index.php\/wp-json\/wp\/v2\/pages\/123\/revisions\/130"}],"wp:attachment":[{"href":"https:\/\/malopolskiecentrumsztuki.pl\/index.php\/wp-json\/wp\/v2\/media?parent=123"}],"curies":[{"name":"wp","href":"https:\/\/api.w.org\/{rel}","templated":true}]}}